{"id":50928,"date":"2025-09-22T16:47:59","date_gmt":"2025-09-22T14:47:59","guid":{"rendered":"https:\/\/www.bell-lloc.org\/faqs-nou-collegi-les-alzines-bell-lloc\/"},"modified":"2025-09-22T16:47:59","modified_gmt":"2025-09-22T14:47:59","slug":"faqs-nou-collegi-les-alzines-bell-lloc","status":"publish","type":"page","link":"https:\/\/www.bell-lloc.org\/es\/faqs-nou-collegi-les-alzines-bell-lloc\/","title":{"rendered":"FAQS nou col\u00b7legi Les Alzines-Bell-lloc"},"content":{"rendered":"<p><strong>Fonaments<\/strong><\/p>\n<style>#sp-ea-50458 .spcollapsing { height: 0; overflow: hidden; transition-property: height;transition-duration: 300ms;}#sp-ea-50458.sp-easy-accordion>.sp-ea-single {margin-bottom: 10px; border: 1px solid #e2e2e2; }#sp-ea-50458.sp-easy-accordion>.sp-ea-single>.ea-header a {color: #444;}#sp-ea-50458.sp-easy-accordion>.sp-ea-single>.sp-collapse>.ea-body {background: #fff; color: #444;}#sp-ea-50458.sp-easy-accordion>.sp-ea-single {background: #eee;}#sp-ea-50458.sp-easy-accordion>.sp-ea-single>.ea-header a .ea-expand-icon { float: left; color: #444;font-size: 16px;}<\/style><div id=\"sp_easy_accordion-1758550080\"><div id=\"sp-ea-50458\" class=\"sp-ea-one sp-easy-accordion\" data-ea-active=\"ea-click\" data-ea-mode=\"vertical\" data-preloader=\"\" data-scroll-active-item=\"\" data-offset-to-scroll=\"0\"><div class=\"ea-card ea-expand sp-ea-single\"><h3 class=\"ea-header\"><a class=\"collapsed\" id=\"ea-header-504580\" role=\"button\" data-sptoggle=\"spcollapse\" data-sptarget=\"#collapse504580\" aria-controls=\"collapse504580\" href=\"#\" aria-expanded=\"true\" tabindex=\"0\"><i aria-hidden=\"true\" role=\"presentation\" class=\"ea-expand-icon eap-icon-ea-expand-minus\"><\/i> Quin \u00e9s el motiu d\u2019aquesta uni\u00f3 de dos col\u00b7legis en un de nou?<\/a><\/h3><div class=\"sp-collapse spcollapse collapsed show\" id=\"collapse504580\" data-parent=\"#sp-ea-50458\" role=\"region\" aria-labelledby=\"ea-header-504580\"> <div class=\"ea-body\"><p>El nou projecte vol garantir la viabilitat a llarg termini dels col\u00b7legis Les Alzines i Bell-lloc, tot mantenint la seva missi\u00f3 original: ajudar les fam\u00edlies que ho desitgin a donar als seus fills una formaci\u00f3 acad\u00e8mica i humana de qualitat, amb una proposta educativa d\u2019inspiraci\u00f3 cristiana.<\/p><\/div><\/div><\/div><div class=\"ea-card sp-ea-single\"><h3 class=\"ea-header\"><a class=\"collapsed\" id=\"ea-header-504581\" role=\"button\" data-sptoggle=\"spcollapse\" data-sptarget=\"#collapse504581\" aria-controls=\"collapse504581\" href=\"#\" aria-expanded=\"false\" tabindex=\"0\"><i aria-hidden=\"true\" role=\"presentation\" class=\"ea-expand-icon eap-icon-ea-expand-plus\"><\/i> Es tracta d\u2019una fusi\u00f3 de Les Alzines i Bell-lloc?<\/a><\/h3><div class=\"sp-collapse spcollapse \" id=\"collapse504581\" data-parent=\"#sp-ea-50458\" role=\"region\" aria-labelledby=\"ea-header-504581\"> <div class=\"ea-body\"><p>Al final del proc\u00e9s, s\u00ed. Es donar\u00e0 continu\u00eftat a l\u2019impuls de les fam\u00edlies que van posar en marxa els dos col\u00b7legis en un nou projecte unificat, adequat a la realitat de Girona, preparat per als reptes de futur a partir d\u2019una traject\u00f2ria d\u2019\u00e8xit consolidat.<\/p><\/div><\/div><\/div><div class=\"ea-card sp-ea-single\"><h3 class=\"ea-header\"><a class=\"collapsed\" id=\"ea-header-504582\" role=\"button\" data-sptoggle=\"spcollapse\" data-sptarget=\"#collapse504582\" aria-controls=\"collapse504582\" href=\"#\" aria-expanded=\"false\" tabindex=\"0\"><i aria-hidden=\"true\" role=\"presentation\" class=\"ea-expand-icon eap-icon-ea-expand-plus\"><\/i> L\u2019escola continuar\u00e0 sent concertada?<\/a><\/h3><div class=\"sp-collapse spcollapse \" id=\"collapse504582\" data-parent=\"#sp-ea-50458\" role=\"region\" aria-labelledby=\"ea-header-504582\"> <div class=\"ea-body\"><p>En l\u2019estudi de la propera renovaci\u00f3 de concerts constatem que el marc actual no garanteix les condicions per al desenvolupament del nostre projecte. En aquest escenari, ens preparem per avan\u00e7ar cap a un nou model sense concert a partir del curs 2026-2027. Actualment, s\u2019est\u00e0 dificultant l\u2019acc\u00e9s de fam\u00edlies que volen triar la nostra proposta educativa, i les condicions d\u2019infrafinan\u00e7ament estan posant en risc la viabilitat econ\u00f2mica dels centres.<\/p><\/div><\/div><\/div><div class=\"ea-card sp-ea-single\"><h3 class=\"ea-header\"><a class=\"collapsed\" id=\"ea-header-504583\" role=\"button\" data-sptoggle=\"spcollapse\" data-sptarget=\"#collapse504583\" aria-controls=\"collapse504583\" href=\"#\" aria-expanded=\"false\" tabindex=\"0\"><i aria-hidden=\"true\" role=\"presentation\" class=\"ea-expand-icon eap-icon-ea-expand-plus\"><\/i> Un centre privat no \u00e9s una proposta elitista?<\/a><\/h3><div class=\"sp-collapse spcollapse \" id=\"collapse504583\" data-parent=\"#sp-ea-50458\" role=\"region\" aria-labelledby=\"ea-header-504583\"> <div class=\"ea-body\"><p>El col\u00b7legi no vol girar la cara a la realitat del nostre entorn, sin\u00f3 fer la seva aportaci\u00f3 a la societat de forma sostenible i des de la llibertat, la del centre per tenir un car\u00e0cter propi i la de les fam\u00edlies per triar-lo. A Les Alzines i Bell-lloc sempre hi ha hagut fam\u00edlies de molts nivells socials i condicions econ\u00f2miques diverses, i volem mantenir aquest esperit. \u00c9s el marc normatiu el que ha canviat, posant en risc projectes educatius d\u2019iniciativa social com el nostre.<\/p><\/div><\/div><\/div><div class=\"ea-card sp-ea-single\"><h3 class=\"ea-header\"><a class=\"collapsed\" id=\"ea-header-504584\" role=\"button\" data-sptoggle=\"spcollapse\" data-sptarget=\"#collapse504584\" aria-controls=\"collapse504584\" href=\"#\" aria-expanded=\"false\" tabindex=\"0\"><i aria-hidden=\"true\" role=\"presentation\" class=\"ea-expand-icon eap-icon-ea-expand-plus\"><\/i> S\u2019ha tingut present l\u2019opini\u00f3 de les fam\u00edlies en aquest proc\u00e9s? Compten amb algun espai de participaci\u00f3 davant d\u2019aquestes novetats?<\/a><\/h3><div class=\"sp-collapse spcollapse \" id=\"collapse504584\" data-parent=\"#sp-ea-50458\" role=\"region\" aria-labelledby=\"ea-header-504584\"> <div class=\"ea-body\"><p>Al llarg dels \u00faltims anys s\u2019han tingut innombrables converses amb les fam\u00edlies de les dues escoles, en forma de reunions, sessions amb els MECS, entrevistes en grups grans i petits, que han expressat els seus desitjos i inquietuds de moltes maneres. La decisi\u00f3 del canvi respon en bona part a aquests intercanvis d\u2019idees. A la vegada, s\u2019ha treballat amb les AMPA, que han fet arribar als equips directius les preocupacions i suggeriments de les fam\u00edlies que s\u2019hi han adre\u00e7at. Aquest di\u00e0leg amb les fam\u00edlies segueix viu, i comptem que ser\u00e0 molt important per anar recorrent plegats el cam\u00ed d\u2019aquesta transformaci\u00f3. Els canals de comunicaci\u00f3 habituals segueixen oberts perqu\u00e8 les fam\u00edlies puguin adre\u00e7ar-se a les escoles sempre que ho considerin oport\u00fa: a trav\u00e9s de la preceptuaci\u00f3 o la tutoria, mitjan\u00e7ant els MECs i l'equip de fam\u00edlies, adre\u00e7ant-se a la direcci\u00f3 de les etapes o del col\u00b7legi.<\/p><\/div><\/div><\/div><\/div><\/div>\n<p>&nbsp;<\/p>\n<p><strong>\u00c0mbit organitzatiu<\/strong><\/p>\n<style>#sp-ea-50459 .spcollapsing { height: 0; overflow: hidden; transition-property: height;transition-duration: 300ms;}#sp-ea-50459.sp-easy-accordion>.sp-ea-single {margin-bottom: 10px; border: 1px solid #e2e2e2; }#sp-ea-50459.sp-easy-accordion>.sp-ea-single>.ea-header a {color: #444;}#sp-ea-50459.sp-easy-accordion>.sp-ea-single>.sp-collapse>.ea-body {background: #fff; color: #444;}#sp-ea-50459.sp-easy-accordion>.sp-ea-single {background: #eee;}#sp-ea-50459.sp-easy-accordion>.sp-ea-single>.ea-header a .ea-expand-icon { float: left; color: #444;font-size: 16px;}<\/style><div id=\"sp_easy_accordion-1758550635\"><div id=\"sp-ea-50459\" class=\"sp-ea-one sp-easy-accordion\" data-ea-active=\"ea-click\" data-ea-mode=\"vertical\" data-preloader=\"\" data-scroll-active-item=\"\" data-offset-to-scroll=\"0\"><div class=\"ea-card ea-expand sp-ea-single\"><h3 class=\"ea-header\"><a class=\"collapsed\" id=\"ea-header-504590\" role=\"button\" data-sptoggle=\"spcollapse\" data-sptarget=\"#collapse504590\" aria-controls=\"collapse504590\" href=\"#\" aria-expanded=\"true\" tabindex=\"0\"><i aria-hidden=\"true\" role=\"presentation\" class=\"ea-expand-icon eap-icon-ea-expand-minus\"><\/i> Amb la uni\u00f3 dels dos centres, els nens i nenes aniran al mateix col\u00b7legi?<\/a><\/h3><div class=\"sp-collapse spcollapse collapsed show\" id=\"collapse504590\" data-parent=\"#sp-ea-50459\" role=\"region\" aria-labelledby=\"ea-header-504590\"> <div class=\"ea-body\"><p>Un dels motius de la fusi\u00f3 \u00e9s que nens i nenes puguin estar al mateix centre, per facilitar la log\u00edstica de les fam\u00edlies, reduir els costos de tenir dues seus i garantir una oferta formativa igualit\u00e0ria per a tots els alumnes. Es continuar\u00e0 oferint educaci\u00f3 diferenciada, com fins ara, tot i estar dins d\u2019un mateix centre.<\/p><\/div><\/div><\/div><div class=\"ea-card sp-ea-single\"><h3 class=\"ea-header\"><a class=\"collapsed\" id=\"ea-header-504591\" role=\"button\" data-sptoggle=\"spcollapse\" data-sptarget=\"#collapse504591\" aria-controls=\"collapse504591\" href=\"#\" aria-expanded=\"false\" tabindex=\"0\"><i aria-hidden=\"true\" role=\"presentation\" class=\"ea-expand-icon eap-icon-ea-expand-plus\"><\/i> Com s\u2019organitzaran els espais del nou centre per mantenir l\u2019educaci\u00f3 diferenciada? S\u2019est\u00e0 pensant en espais totalment a\u00efllats?<\/a><\/h3><div class=\"sp-collapse spcollapse \" id=\"collapse504591\" data-parent=\"#sp-ea-50459\" role=\"region\" aria-labelledby=\"ea-header-504591\"> <div class=\"ea-body\"><p>El projecte \u00e9s un centre d\u2019educaci\u00f3 diferenciada, amb una organitzaci\u00f3 molt similar a l\u2019actual. Aquesta organitzaci\u00f3 i la distribuci\u00f3 precisa dels espais es treballar\u00e0 durant els propers mesos.<\/p><\/div><\/div><\/div><div class=\"ea-card sp-ea-single\"><h3 class=\"ea-header\"><a class=\"collapsed\" id=\"ea-header-504592\" role=\"button\" data-sptoggle=\"spcollapse\" data-sptarget=\"#collapse504592\" aria-controls=\"collapse504592\" href=\"#\" aria-expanded=\"false\" tabindex=\"0\"><i aria-hidden=\"true\" role=\"presentation\" class=\"ea-expand-icon eap-icon-ea-expand-plus\"><\/i> On estar\u00e0 el col\u00b7legi?<\/a><\/h3><div class=\"sp-collapse spcollapse \" id=\"collapse504592\" data-parent=\"#sp-ea-50459\" role=\"region\" aria-labelledby=\"ea-header-504592\"> <div class=\"ea-body\"><p>D\u2019aqu\u00ed a uns anys, la major part dels cursos s\u2019ubicar\u00e0 a l\u2019espai que actualment ocupen les instal\u00b7lacions de Bell-lloc, un entorn prou ampli i amb possibilitats de creixement. Durant el per\u00edode de transici\u00f3, i segons les necessitats que puguin sorgir, alguns cursos es podrien continuar impartint a Les Alzines. Ara per ara, el projecte preveu mantenir l\u2019etapa infantil tant a Bell-lloc com a Les Alzines, i ubicar la nova oferta d\u2019FP a les instal\u00b7lacions de Les Alzines.<\/p><\/div><\/div><\/div><div class=\"ea-card sp-ea-single\"><h3 class=\"ea-header\"><a class=\"collapsed\" id=\"ea-header-504593\" role=\"button\" data-sptoggle=\"spcollapse\" data-sptarget=\"#collapse504593\" aria-controls=\"collapse504593\" href=\"#\" aria-expanded=\"false\" tabindex=\"0\"><i aria-hidden=\"true\" role=\"presentation\" class=\"ea-expand-icon eap-icon-ea-expand-plus\"><\/i> A les instal\u00b7lacions de Bell-lloc hi cabran tots aquests alumnes?<\/a><\/h3><div class=\"sp-collapse spcollapse \" id=\"collapse504593\" data-parent=\"#sp-ea-50459\" role=\"region\" aria-labelledby=\"ea-header-504593\"> <div class=\"ea-body\"><p>L\u2019actual espai de Bell-lloc s\u2019anir\u00e0 adequant i ampliant, de forma que pugui acollir tot l\u2019alumnat que ara hi ha als dos col\u00b7legis. Els equipaments, instal\u00b7lacions esportives i espais d\u2019esbarjo s\u00f3n molt grans i adequats per a una escola de les dimensions que s\u2019ha projectat, amb prop de 9 hect\u00e0rees d\u2019extensi\u00f3 i m\u00e9s de 25.000m2 edificats. El trasllat a una seu \u00fanica s\u2019anir\u00e0 fent de forma progressiva.<\/p><\/div><\/div><\/div><div class=\"ea-card sp-ea-single\"><h3 class=\"ea-header\"><a class=\"collapsed\" id=\"ea-header-504594\" role=\"button\" data-sptoggle=\"spcollapse\" data-sptarget=\"#collapse504594\" aria-controls=\"collapse504594\" href=\"#\" aria-expanded=\"false\" tabindex=\"0\"><i aria-hidden=\"true\" role=\"presentation\" class=\"ea-expand-icon eap-icon-ea-expand-plus\"><\/i> Qui ha decidit aquests canvis?<\/a><\/h3><div class=\"sp-collapse spcollapse \" id=\"collapse504594\" data-parent=\"#sp-ea-50459\" role=\"region\" aria-labelledby=\"ea-header-504594\"> <div class=\"ea-body\"><p>L'impuls del projecte i els responsables \u00faltims de la iniciativa han sigut els Consells d'Administraci\u00f3 de les dues entitats, amb els equips directius de cada col\u00b7legi, recolzats per estudis de professionals externs que han assessorat en la presa de decisions. Els dos Consells van constituir fa molts mesos un equip de treball conjunt, amb persones amb experi\u00e8ncia en l\u2019\u00e0mbit educatiu, econ\u00f2mic i jur\u00eddic, que s'ha reunit de manera peri\u00f2dica per dissenyar de forma consensuada la configuraci\u00f3 del nou col\u00b7legi.<\/p><\/div><\/div><\/div><div class=\"ea-card sp-ea-single\"><h3 class=\"ea-header\"><a class=\"collapsed\" id=\"ea-header-504595\" role=\"button\" data-sptoggle=\"spcollapse\" data-sptarget=\"#collapse504595\" aria-controls=\"collapse504595\" href=\"#\" aria-expanded=\"false\" tabindex=\"0\"><i aria-hidden=\"true\" role=\"presentation\" class=\"ea-expand-icon eap-icon-ea-expand-plus\"><\/i> A qui pertanyen Les Alzines i Bell-lloc despr\u00e9s de la integraci\u00f3?<\/a><\/h3><div class=\"sp-collapse spcollapse \" id=\"collapse504595\" data-parent=\"#sp-ea-50459\" role=\"region\" aria-labelledby=\"ea-header-504595\"> <div class=\"ea-body\"><p>Les Alzines i Bell-lloc s'integraran en un nou centre independent. La uni\u00f3 de les dues escoles en una sola entitat s\u2019est\u00e0 treballant, per\u00f2 el proc\u00e9s d'integraci\u00f3 portar\u00e0 uns mesos. L\u2019\u00f2rgan de govern del nou col\u00b7legi ja treballa com si fos un sol centre. Est\u00e0 format per set consellers amb experi\u00e8ncia en l\u2019\u00e0mbit educatiu, econ\u00f2mic i jur\u00eddic: Miquel Andreu, \u00c1ngeles Bros, Sandra Camps, Salvador Durany, Xavier Masats, Gregorio Romera i Joaquim Ferrer de president.<\/p><\/div><\/div><\/div><div class=\"ea-card sp-ea-single\"><h3 class=\"ea-header\"><a class=\"collapsed\" id=\"ea-header-504596\" role=\"button\" data-sptoggle=\"spcollapse\" data-sptarget=\"#collapse504596\" aria-controls=\"collapse504596\" href=\"#\" aria-expanded=\"false\" tabindex=\"0\"><i aria-hidden=\"true\" role=\"presentation\" class=\"ea-expand-icon eap-icon-ea-expand-plus\"><\/i> Hi haur\u00e0 un sol \u00f2rgan directiu o n\u2019hi haur\u00e0 un de diferent per als nois i un altre per a les noies?<\/a><\/h3><div class=\"sp-collapse spcollapse \" id=\"collapse504596\" data-parent=\"#sp-ea-50459\" role=\"region\" aria-labelledby=\"ea-header-504596\"> <div class=\"ea-body\"><p>Ser\u00e0 un \u00fanic col\u00b7legi, amb un equip directiu adequat a la seva estructura, en la qual s\u2019est\u00e0 treballant de forma conjunta.<\/p><\/div><\/div><\/div><div class=\"ea-card sp-ea-single\"><h3 class=\"ea-header\"><a class=\"collapsed\" id=\"ea-header-504597\" role=\"button\" data-sptoggle=\"spcollapse\" data-sptarget=\"#collapse504597\" aria-controls=\"collapse504597\" href=\"#\" aria-expanded=\"false\" tabindex=\"0\"><i aria-hidden=\"true\" role=\"presentation\" class=\"ea-expand-icon eap-icon-ea-expand-plus\"><\/i> Quin paper tenen les fam\u00edlies?<\/a><\/h3><div class=\"sp-collapse spcollapse \" id=\"collapse504597\" data-parent=\"#sp-ea-50459\" role=\"region\" aria-labelledby=\"ea-header-504597\"> <div class=\"ea-body\"><p>Les fam\u00edlies continuen sent el centre de l\u2019escola, amb un model d\u2019educaci\u00f3 personalitzada i activitats formatives per a tota la comunitat educativa. A l\u2019hora de definir el nou projecte s\u2019ha volgut mantenir la visi\u00f3 de les fam\u00edlies que van posar els col\u00b7legis en marxa, s\u2019ha escoltat les que ara en formen part i pensat en les que vindran en el futur. En un context on les fam\u00edlies busquen quelcom m\u00e9s que resultats acad\u00e8mics, Les Alzines i Bell-lloc no s\u00f3n nom\u00e9s dues escoles que es fusionen: s\u00f3n una experi\u00e8ncia educativa integral que uneix excel\u00b7l\u00e8ncia acad\u00e8mica, valors cristians i acompanyament personalitzat a alumnes i fam\u00edlies.<\/p><\/div><\/div><\/div><div class=\"ea-card sp-ea-single\"><h3 class=\"ea-header\"><a class=\"collapsed\" id=\"ea-header-504598\" role=\"button\" data-sptoggle=\"spcollapse\" data-sptarget=\"#collapse504598\" aria-controls=\"collapse504598\" href=\"#\" aria-expanded=\"false\" tabindex=\"0\"><i aria-hidden=\"true\" role=\"presentation\" class=\"ea-expand-icon eap-icon-ea-expand-plus\"><\/i> L\u2019escola mantindr\u00e0 la vinculaci\u00f3 amb l\u2019Opus Dei?<\/a><\/h3><div class=\"sp-collapse spcollapse \" id=\"collapse504598\" data-parent=\"#sp-ea-50459\" role=\"region\" aria-labelledby=\"ea-header-504598\"> <div class=\"ea-body\"><p>S\u00ed, el nou centre continuar\u00e0 comptant amb l\u2019assist\u00e8ncia espiritual de l\u2019Opus Dei, com fins ara.<\/p><\/div><\/div><\/div><div class=\"ea-card sp-ea-single\"><h3 class=\"ea-header\"><a class=\"collapsed\" id=\"ea-header-504599\" role=\"button\" data-sptoggle=\"spcollapse\" data-sptarget=\"#collapse504599\" aria-controls=\"collapse504599\" href=\"#\" aria-expanded=\"false\" tabindex=\"0\"><i aria-hidden=\"true\" role=\"presentation\" class=\"ea-expand-icon eap-icon-ea-expand-plus\"><\/i> Es canviar\u00e0 el nom de les escoles?<\/a><\/h3><div class=\"sp-collapse spcollapse \" id=\"collapse504599\" data-parent=\"#sp-ea-50459\" role=\"region\" aria-labelledby=\"ea-header-504599\"> <div class=\"ea-body\"><p>El nom definitiu s\u2019est\u00e0 treballant amb cura, perqu\u00e8 volem que representi la nostra hist\u00f2ria i el futur. Actualment, s'ha elaborat una imatge gr\u00e0fica provisional, que combina Les Alzines i Bell-lloc amb un color blau resultant de la fusi\u00f3 dels dos tons de les antigues imatges corporatives. Es tracta d'una identitat visual provisional, que servir\u00e0 com a nexe d'uni\u00f3 i facilitar\u00e0 la comunicaci\u00f3 de les activitats que ja estem organitzant conjuntament o del material promocional pel curs vinent.<\/p><\/div><\/div><\/div><\/div><\/div>\n<p>&nbsp;<\/p>\n<p><strong>Aspectes econ\u00f2mics<\/strong><\/p>\n<style>#sp-ea-50460 .spcollapsing { height: 0; overflow: hidden; transition-property: height;transition-duration: 300ms;}#sp-ea-50460.sp-easy-accordion>.sp-ea-single {margin-bottom: 10px; border: 1px solid #e2e2e2; }#sp-ea-50460.sp-easy-accordion>.sp-ea-single>.ea-header a {color: #444;}#sp-ea-50460.sp-easy-accordion>.sp-ea-single>.sp-collapse>.ea-body {background: #fff; color: #444;}#sp-ea-50460.sp-easy-accordion>.sp-ea-single {background: #eee;}#sp-ea-50460.sp-easy-accordion>.sp-ea-single>.ea-header a .ea-expand-icon { float: left; color: #444;font-size: 16px;}<\/style><div id=\"sp_easy_accordion-1758550814\"><div id=\"sp-ea-50460\" class=\"sp-ea-one sp-easy-accordion\" data-ea-active=\"ea-click\" data-ea-mode=\"vertical\" data-preloader=\"\" data-scroll-active-item=\"\" data-offset-to-scroll=\"0\"><div class=\"ea-card ea-expand sp-ea-single\"><h3 class=\"ea-header\"><a class=\"collapsed\" id=\"ea-header-504600\" role=\"button\" data-sptoggle=\"spcollapse\" data-sptarget=\"#collapse504600\" aria-controls=\"collapse504600\" href=\"#\" aria-expanded=\"true\" tabindex=\"0\"><i aria-hidden=\"true\" role=\"presentation\" class=\"ea-expand-icon eap-icon-ea-expand-minus\"><\/i> Quin ser\u00e0 el cost mensual per alumne un cop esdevingui escola privada no concertada?<\/a><\/h3><div class=\"sp-collapse spcollapse collapsed show\" id=\"collapse504600\" data-parent=\"#sp-ea-50460\" role=\"region\" aria-labelledby=\"ea-header-504600\"> <div class=\"ea-body\"><p>El cost de l\u2019escolaritzaci\u00f3 es podr\u00e0 consultar a la web del nou col\u00b7legi. En les taules de tarifes es poden veure els costos respectius de les diferents etapes.<\/p><\/div><\/div><\/div><div class=\"ea-card sp-ea-single\"><h3 class=\"ea-header\"><a class=\"collapsed\" id=\"ea-header-504601\" role=\"button\" data-sptoggle=\"spcollapse\" data-sptarget=\"#collapse504601\" aria-controls=\"collapse504601\" href=\"#\" aria-expanded=\"false\" tabindex=\"0\"><i aria-hidden=\"true\" role=\"presentation\" class=\"ea-expand-icon eap-icon-ea-expand-plus\"><\/i> El nou model ser\u00e0 accessible a totes les fam\u00edlies o nom\u00e9s a les d\u2019un cert nivell econ\u00f2mic?<\/a><\/h3><div class=\"sp-collapse spcollapse \" id=\"collapse504601\" data-parent=\"#sp-ea-50460\" role=\"region\" aria-labelledby=\"ea-header-504601\"> <div class=\"ea-body\"><p>S\u2019ha establert un preu tan ajustat com ha sigut possible, amb descomptes per a fam\u00edlies nombroses i un sistema d\u2019ajudes per a aquelles que ho necessitin. El nou col\u00b7legi estar\u00e0 obert a tothom que en vulgui formar part. Esperem comptar amb la complicitat de molts agents per fer-ho possible.<\/p><\/div><\/div><\/div><div class=\"ea-card sp-ea-single\"><h3 class=\"ea-header\"><a class=\"collapsed\" id=\"ea-header-504602\" role=\"button\" data-sptoggle=\"spcollapse\" data-sptarget=\"#collapse504602\" aria-controls=\"collapse504602\" href=\"#\" aria-expanded=\"false\" tabindex=\"0\"><i aria-hidden=\"true\" role=\"presentation\" class=\"ea-expand-icon eap-icon-ea-expand-plus\"><\/i> D\u2019on sortiran aquests recursos? Es preveu algun tipus de col\u00b7laboraci\u00f3 externa per garantir la viabilitat econ\u00f2mica del centre?<\/a><\/h3><div class=\"sp-collapse spcollapse \" id=\"collapse504602\" data-parent=\"#sp-ea-50460\" role=\"region\" aria-labelledby=\"ea-header-504602\"> <div class=\"ea-body\"><p>El nou centre ser\u00e0 viable per si mateix, amb unes tarifes adequades a les seves necessitats. A la vegada, buscarem la col\u00b7laboraci\u00f3 de persones i entitats que puguin ajudar a fam\u00edlies que no disposin de recursos suficients per cobrir aquestes tarifes. La implicaci\u00f3 dels antics alumnes i de moltes persones i entitats que valoren el nostre model ser\u00e0 clau per ajudar a bastir el nou col\u00b7legi, amb el mateix esperit amb qu\u00e8 es van posar en marxa en el seu dia Les Alzines i Bell-lloc i es van fer grans.<\/p><\/div><\/div><\/div><div class=\"ea-card sp-ea-single\"><h3 class=\"ea-header\"><a class=\"collapsed\" id=\"ea-header-504603\" role=\"button\" data-sptoggle=\"spcollapse\" data-sptarget=\"#collapse504603\" aria-controls=\"collapse504603\" href=\"#\" aria-expanded=\"false\" tabindex=\"0\"><i aria-hidden=\"true\" role=\"presentation\" class=\"ea-expand-icon eap-icon-ea-expand-plus\"><\/i> Com es gestionaran aquestes beques o ajudes?<\/a><\/h3><div class=\"sp-collapse spcollapse \" id=\"collapse504603\" data-parent=\"#sp-ea-50460\" role=\"region\" aria-labelledby=\"ea-header-504603\"> <div class=\"ea-body\"><p>A Les Alzines-Bell-lloc creiem que cap fam\u00edlia hauria de quedar fora d\u2019un projecte educatiu per motius econ\u00f2mics. Per aix\u00f2, col\u00b7laborem amb diferents entitats per facilitar ajudes econ\u00f2miques a fam\u00edlies que no arribin a cobrir tot el cost de l\u2019escolaritzaci\u00f3. En breu publicarem el protocol d\u2019ajudes i beques escolars. La Comissi\u00f3 de Beques ser\u00e0 l\u2019encarregada de valorar les sol\u00b7licituds i resoldre\u2019n la concessi\u00f3.<\/p><\/div><\/div><\/div><div class=\"ea-card sp-ea-single\"><h3 class=\"ea-header\"><a class=\"collapsed\" id=\"ea-header-504604\" role=\"button\" data-sptoggle=\"spcollapse\" data-sptarget=\"#collapse504604\" aria-controls=\"collapse504604\" href=\"#\" aria-expanded=\"false\" tabindex=\"0\"><i aria-hidden=\"true\" role=\"presentation\" class=\"ea-expand-icon eap-icon-ea-expand-plus\"><\/i> Hi haur\u00e0 descomptes per a fam\u00edlies nombroses?<\/a><\/h3><div class=\"sp-collapse spcollapse \" id=\"collapse504604\" data-parent=\"#sp-ea-50460\" role=\"region\" aria-labelledby=\"ea-header-504604\"> <div class=\"ea-body\"><p>S\u00ed, el sistema de tarifes contempla un descompte autom\u00e0tic per a les fam\u00edlies amb m\u00e9s de dos fills escolaritzats al centre. Aquest descompte augmenta amb el nombre de germans.<\/p><\/div><\/div><\/div><div class=\"ea-card sp-ea-single\"><h3 class=\"ea-header\"><a class=\"collapsed\" id=\"ea-header-504605\" role=\"button\" data-sptoggle=\"spcollapse\" data-sptarget=\"#collapse504605\" aria-controls=\"collapse504605\" href=\"#\" aria-expanded=\"false\" tabindex=\"0\"><i aria-hidden=\"true\" role=\"presentation\" class=\"ea-expand-icon eap-icon-ea-expand-plus\"><\/i> Hi haur\u00e0 algun per\u00edode de transici\u00f3 econ\u00f2mica? Qu\u00e8 passar\u00e0 amb les fam\u00edlies que ja tenen fills escolaritzats i no poden assumir el nou cost?<\/a><\/h3><div class=\"sp-collapse spcollapse \" id=\"collapse504605\" data-parent=\"#sp-ea-50460\" role=\"region\" aria-labelledby=\"ea-header-504605\"> <div class=\"ea-body\"><p>Durant el curs 2025-2026 hi haur\u00e0 temps perqu\u00e8 totes les fam\u00edlies que tenen actualment fills o filles a Les Alzines i Bell-lloc puguin con\u00e8ixer amb detall com quedaran les seves tarifes a partir del curs 2026-2027, resoldre tots els dubtes i sol\u00b7licitar els descomptes o ajudes que puguin ser convenients. S\u2019ha previst un increment progressiu cap als nous preus, perqu\u00e8 les fam\u00edlies s\u2019hi puguin adaptar m\u00e9s f\u00e0cilment.<\/p><\/div><\/div><\/div><div class=\"ea-card sp-ea-single\"><h3 class=\"ea-header\"><a class=\"collapsed\" id=\"ea-header-504606\" role=\"button\" data-sptoggle=\"spcollapse\" data-sptarget=\"#collapse504606\" aria-controls=\"collapse504606\" href=\"#\" aria-expanded=\"false\" tabindex=\"0\"><i aria-hidden=\"true\" role=\"presentation\" class=\"ea-expand-icon eap-icon-ea-expand-plus\"><\/i> Qu\u00e8 passar\u00e0 amb els alumnes que fins ara rebien ajuts de l\u2019administraci\u00f3 per cobrir les despeses pr\u00f2pies d\u2019un centre concertat, que en part es financen amb les aportacions de les fam\u00edlies?<\/a><\/h3><div class=\"sp-collapse spcollapse \" id=\"collapse504606\" data-parent=\"#sp-ea-50460\" role=\"region\" aria-labelledby=\"ea-header-504606\"> <div class=\"ea-body\"><p>Presumiblement, el Departament deixar\u00e0 de contribuir al cost d\u2019escolaritzaci\u00f3 d\u2019aquests alumnes. Si desitgen quedar-se al centre i no disposen de recursos suficients per cobrir tot el cost, podran sol\u00b7licitar ajudes econ\u00f2miques previstes per a les fam\u00edlies que ho necessitin.<\/p><\/div><\/div><\/div><div class=\"ea-card sp-ea-single\"><h3 class=\"ea-header\"><a class=\"collapsed\" id=\"ea-header-504607\" role=\"button\" data-sptoggle=\"spcollapse\" data-sptarget=\"#collapse504607\" aria-controls=\"collapse504607\" href=\"#\" aria-expanded=\"false\" tabindex=\"0\"><i aria-hidden=\"true\" role=\"presentation\" class=\"ea-expand-icon eap-icon-ea-expand-plus\"><\/i> Hi haur\u00e0 modificacions en els serveis complementaris com menjador, transport escolar o activitats extraescolars?<\/a><\/h3><div class=\"sp-collapse spcollapse \" id=\"collapse504607\" data-parent=\"#sp-ea-50460\" role=\"region\" aria-labelledby=\"ea-header-504607\"> <div class=\"ea-body\"><p>El servei de menjador queda integrat dins de la nova tarifa, excepte a Batxillerat. Volem mantenir o ampliar les l\u00ednies de transport actual, perqu\u00e8 m\u00e9s fam\u00edlies de la prov\u00edncia puguin optar per Les Alzines i Bell-lloc. S\u2019est\u00e0 treballant per ampliar l\u2019oferta de les activitats extraescolars, tant dins com fora de l\u2019horari lectiu.<\/p><\/div><\/div><\/div><div class=\"ea-card sp-ea-single\"><h3 class=\"ea-header\"><a class=\"collapsed\" id=\"ea-header-504608\" role=\"button\" data-sptoggle=\"spcollapse\" data-sptarget=\"#collapse504608\" aria-controls=\"collapse504608\" href=\"#\" aria-expanded=\"false\" tabindex=\"0\"><i aria-hidden=\"true\" role=\"presentation\" class=\"ea-expand-icon eap-icon-ea-expand-plus\"><\/i> Com sabem que els preus que ara anuncieu es mantindran els pr\u00f2xims anys?<\/a><\/h3><div class=\"sp-collapse spcollapse \" id=\"collapse504608\" data-parent=\"#sp-ea-50460\" role=\"region\" aria-labelledby=\"ea-header-504608\"> <div class=\"ea-body\"><p>Vam ser transparents durant la presentaci\u00f3 del nou col\u00b7legi que es va fer el juny de 2025, tant al personal com a les fam\u00edlies. El nostre comprom\u00eds \u00e9s treballar de manera estable en aquesta franja de preus, tenint present cada any les pujades de l\u2019IPC. Sabem que el factor econ\u00f2mic \u00e9s un punt decisiu\u00a0 en l\u2019elecci\u00f3 del centre escolar. Per aquest motiu, hem treballat en els estudis previs per trobar un preu ajustat i que a la vegada faci viable el centre.<\/p><\/div><\/div><\/div><\/div><\/div>\n<p>&nbsp;<\/p>\n<p><strong>\u00c0mbit acad\u00e8mic i pedag\u00f2gic<\/strong><\/p>\n<style>#sp-ea-50461 .spcollapsing { height: 0; overflow: hidden; transition-property: height;transition-duration: 300ms;}#sp-ea-50461.sp-easy-accordion>.sp-ea-single {margin-bottom: 10px; border: 1px solid #e2e2e2; }#sp-ea-50461.sp-easy-accordion>.sp-ea-single>.ea-header a {color: #444;}#sp-ea-50461.sp-easy-accordion>.sp-ea-single>.sp-collapse>.ea-body {background: #fff; color: #444;}#sp-ea-50461.sp-easy-accordion>.sp-ea-single {background: #eee;}#sp-ea-50461.sp-easy-accordion>.sp-ea-single>.ea-header a .ea-expand-icon { float: left; color: #444;font-size: 16px;}<\/style><div id=\"sp_easy_accordion-1758551078\"><div id=\"sp-ea-50461\" class=\"sp-ea-one sp-easy-accordion\" data-ea-active=\"ea-click\" data-ea-mode=\"vertical\" data-preloader=\"\" data-scroll-active-item=\"\" data-offset-to-scroll=\"0\"><div class=\"ea-card ea-expand sp-ea-single\"><h3 class=\"ea-header\"><a class=\"collapsed\" id=\"ea-header-504610\" role=\"button\" data-sptoggle=\"spcollapse\" data-sptarget=\"#collapse504610\" aria-controls=\"collapse504610\" href=\"#\" aria-expanded=\"true\" tabindex=\"0\"><i aria-hidden=\"true\" role=\"presentation\" class=\"ea-expand-icon eap-icon-ea-expand-minus\"><\/i> Quin ser\u00e0 el plantejament acad\u00e8mic del nou centre?<\/a><\/h3><div class=\"sp-collapse spcollapse collapsed show\" id=\"collapse504610\" data-parent=\"#sp-ea-50461\" role=\"region\" aria-labelledby=\"ea-header-504610\"> <div class=\"ea-body\"><p>El col\u00b7legi aposta per l'excel\u00b7l\u00e8ncia integral dels alumnes. Volem que cadascun desenvolupi al m\u00e0xim les seves capacitats, amb bons h\u00e0bits d\u2019estudi i de treball, domini de les lleng\u00fces, pensament cr\u00edtic i una s\u00f2lida base matem\u00e0tica i cient\u00edfica. Amb una cultura \u00e0mplia, arrelada en l\u2019humanisme cristi\u00e0, que fomenti el conreu de les arts i de la creativitat. Amb la innovaci\u00f3 pedag\u00f2gica com a eix transversal, aplicant metodologies actives. El nou centre s\u2019est\u00e0 preparant per oferir el programa del Batxillerat Internacional (IB) en totes les etapes educatives, des d\u2019infantil fins a batxillerat. En aquesta darrera etapa, on el programa ja est\u00e0 implantat des de fa molts anys, continuarem oferint les dues opcions: cursar nom\u00e9s el batxillerat nacional o complementar-lo amb l'internacional.<\/p><\/div><\/div><\/div><div class=\"ea-card sp-ea-single\"><h3 class=\"ea-header\"><a class=\"collapsed\" id=\"ea-header-504611\" role=\"button\" data-sptoggle=\"spcollapse\" data-sptarget=\"#collapse504611\" aria-controls=\"collapse504611\" href=\"#\" aria-expanded=\"false\" tabindex=\"0\"><i aria-hidden=\"true\" role=\"presentation\" class=\"ea-expand-icon eap-icon-ea-expand-plus\"><\/i> Quin ser\u00e0 el nivell d\u2019angl\u00e8s dels alumnes? S\u2019oferiran altres idiomes?<\/a><\/h3><div class=\"sp-collapse spcollapse \" id=\"collapse504611\" data-parent=\"#sp-ea-50461\" role=\"region\" aria-labelledby=\"ea-header-504611\"> <div class=\"ea-body\"><p>L\u2019objectiu \u00e9s que els alumnes puguin assolir el nivell B1 d\u2019angl\u00e8s en acabar Prim\u00e0ria, B2 en finalitzar l\u2019ESO i C1 al final de Batxillerat. Tamb\u00e9 s\u2019oferir\u00e0 franc\u00e8s i alemany, amb acreditaci\u00f3 A2 a 2n d\u2019ESO i B1 a 4t d\u2019ESO. Seguirem oferint la possibilitat de fer els ex\u00e0mens de Cambridge i del DELF a la mateixa escola.<\/p><\/div><\/div><\/div><div class=\"ea-card sp-ea-single\"><h3 class=\"ea-header\"><a class=\"collapsed\" id=\"ea-header-504612\" role=\"button\" data-sptoggle=\"spcollapse\" data-sptarget=\"#collapse504612\" aria-controls=\"collapse504612\" href=\"#\" aria-expanded=\"false\" tabindex=\"0\"><i aria-hidden=\"true\" role=\"presentation\" class=\"ea-expand-icon eap-icon-ea-expand-plus\"><\/i> Ser\u00e0 el mateix projecte educatiu per als nois i per a les noies?<\/a><\/h3><div class=\"sp-collapse spcollapse \" id=\"collapse504612\" data-parent=\"#sp-ea-50461\" role=\"region\" aria-labelledby=\"ea-header-504612\"> <div class=\"ea-body\"><p>S\u00ed, es tracta d\u2019un sol centre i d\u2019un projecte \u00fanic, amb una oferta educativa homog\u00e8nia, que potencia la igualtat i l\u2019excel\u00b7l\u00e8ncia per a tots i totes.<\/p><\/div><\/div><\/div><div class=\"ea-card sp-ea-single\"><h3 class=\"ea-header\"><a class=\"collapsed\" id=\"ea-header-504613\" role=\"button\" data-sptoggle=\"spcollapse\" data-sptarget=\"#collapse504613\" aria-controls=\"collapse504613\" href=\"#\" aria-expanded=\"false\" tabindex=\"0\"><i aria-hidden=\"true\" role=\"presentation\" class=\"ea-expand-icon eap-icon-ea-expand-plus\"><\/i> Hi haur\u00e0 cicles de formaci\u00f3 professional?<\/a><\/h3><div class=\"sp-collapse spcollapse \" id=\"collapse504613\" data-parent=\"#sp-ea-50461\" role=\"region\" aria-labelledby=\"ea-header-504613\"> <div class=\"ea-body\"><p>Estem preparant una ampliaci\u00f3 de l\u2019oferta educativa amb la incorporaci\u00f3 a curt termini de cicles formatius de grau mitj\u00e0 i superior, per oferir a la mateixa escola diverses alternatives de formaci\u00f3 postobligat\u00f2ria. \u00c9s una aposta de futur, pensant en les fam\u00edlies i alumnes que busquen a Girona una escola de formaci\u00f3 professional amb el nostre estil d\u2019educaci\u00f3 integral i atenci\u00f3 personalitzada.<\/p><\/div><\/div><\/div><div class=\"ea-card sp-ea-single\"><h3 class=\"ea-header\"><a class=\"collapsed\" id=\"ea-header-504614\" role=\"button\" data-sptoggle=\"spcollapse\" data-sptarget=\"#collapse504614\" aria-controls=\"collapse504614\" href=\"#\" aria-expanded=\"false\" tabindex=\"0\"><i aria-hidden=\"true\" role=\"presentation\" class=\"ea-expand-icon eap-icon-ea-expand-plus\"><\/i> Com ser\u00e0 l\u2019atenci\u00f3 personalitzada als alumnes? Seguir\u00e0 el sistema actual de preceptuaci\u00f3?<\/a><\/h3><div class=\"sp-collapse spcollapse \" id=\"collapse504614\" data-parent=\"#sp-ea-50461\" role=\"region\" aria-labelledby=\"ea-header-504614\"> <div class=\"ea-body\"><p>La preceptuaci\u00f3 i l\u2019acompanyament personalitzat als alumnes i les fam\u00edlies \u00e9s un dels valors m\u00e9s s\u00f2lids de l\u2019oferta educativa actual dels dos centres. El nou projecte s\u2019ha dissenyat en bona part per mantenir aquest tret distintiu i tan valorat de les dues escoles.<\/p><\/div><\/div><\/div><div class=\"ea-card sp-ea-single\"><h3 class=\"ea-header\"><a class=\"collapsed\" id=\"ea-header-504615\" role=\"button\" data-sptoggle=\"spcollapse\" data-sptarget=\"#collapse504615\" aria-controls=\"collapse504615\" href=\"#\" aria-expanded=\"false\" tabindex=\"0\"><i aria-hidden=\"true\" role=\"presentation\" class=\"ea-expand-icon eap-icon-ea-expand-plus\"><\/i> Amb el canvi de finan\u00e7ament, qu\u00e8 passa amb els alumnes que requereixen algun tipus de suport educatiu?<\/a><\/h3><div class=\"sp-collapse spcollapse \" id=\"collapse504615\" data-parent=\"#sp-ea-50461\" role=\"region\" aria-labelledby=\"ea-header-504615\"> <div class=\"ea-body\"><p>El col\u00b7legi segueix tenint el Departament d\u2019Orientaci\u00f3, per facilitar que cada alumne desenvolupi al m\u00e0xim les seves capacitats i perqu\u00e8 els que necessitin algun tipus de suport educatiu hi puguin seguir comptant. Cal estudiar com suplim l\u2019acc\u00e9s a alguns recursos que estan a l\u2019abast dels centres amb finan\u00e7ament p\u00fablic.<\/p><\/div><\/div><\/div><div class=\"ea-card sp-ea-single\"><h3 class=\"ea-header\"><a class=\"collapsed\" id=\"ea-header-504616\" role=\"button\" data-sptoggle=\"spcollapse\" data-sptarget=\"#collapse504616\" aria-controls=\"collapse504616\" href=\"#\" aria-expanded=\"false\" tabindex=\"0\"><i aria-hidden=\"true\" role=\"presentation\" class=\"ea-expand-icon eap-icon-ea-expand-plus\"><\/i> Quins canvis concrets hi haur\u00e0 en el projecte educatiu, pel que fa al curr\u00edculum, les metodologies, horaris, activitats complement\u00e0ries\u2026?<\/a><\/h3><div class=\"sp-collapse spcollapse \" id=\"collapse504616\" data-parent=\"#sp-ea-50461\" role=\"region\" aria-labelledby=\"ea-header-504616\"> <div class=\"ea-body\"><p>Al llarg del curs 2025-2026 s\u2019aniran concretant alguns detalls relatius a la nova organitzaci\u00f3 que comen\u00e7ar\u00e0 el curs 2026-27. Es volen mantenir uns horaris similars als actuals, implementar el sistema del Batxillerat Internacional a totes les etapes, des d\u2019infantil a batxillerat, i mantenir la possibilitat de cursar el Diploma Dual per obtenir el Batxillerat Nord-americ\u00e0. La uni\u00f3 dels dos centres suposar\u00e0 tamb\u00e9 una unificaci\u00f3 gradual de les metodologies, materials i llibres de text, eines inform\u00e0tiques, etc., amb l\u2019objectiu d\u2019oferir una educaci\u00f3 totalment igualit\u00e0ria.<\/p><\/div><\/div><\/div><div class=\"ea-card sp-ea-single\"><h3 class=\"ea-header\"><a class=\"collapsed\" id=\"ea-header-504617\" role=\"button\" data-sptoggle=\"spcollapse\" data-sptarget=\"#collapse504617\" aria-controls=\"collapse504617\" href=\"#\" aria-expanded=\"false\" tabindex=\"0\"><i aria-hidden=\"true\" role=\"presentation\" class=\"ea-expand-icon eap-icon-ea-expand-plus\"><\/i> Quin paper tindr\u00e0 la tecnologia en l\u2019ensenyament?<\/a><\/h3><div class=\"sp-collapse spcollapse \" id=\"collapse504617\" data-parent=\"#sp-ea-50461\" role=\"region\" aria-labelledby=\"ea-header-504617\"> <div class=\"ea-body\"><p>La tecnologia ser\u00e0 una eina de suport a l\u2019aprenentatge, que no substituir\u00e0 els materials impresos, especialment en les primeres etapes. S\u2019introduiran progressivament mat\u00e8ries STEAM, amb l'adquisici\u00f3 d\u2019habilitats en programaci\u00f3 i rob\u00f2tica adequades a les diferents edats, i s'utilitzaran les eines digitals de consulta de manera ordenada i fomentant la capacitat cr\u00edtica.<\/p><\/div><\/div><\/div><\/div><\/div>\n<p>&nbsp;<\/p>\n<p><strong>Calendari del proc\u00e9s de transici\u00f3<\/strong><\/p>\n<style>#sp-ea-50462 .spcollapsing { height: 0; overflow: hidden; transition-property: height;transition-duration: 300ms;}#sp-ea-50462.sp-easy-accordion>.sp-ea-single {margin-bottom: 10px; border: 1px solid #e2e2e2; }#sp-ea-50462.sp-easy-accordion>.sp-ea-single>.ea-header a {color: #444;}#sp-ea-50462.sp-easy-accordion>.sp-ea-single>.sp-collapse>.ea-body {background: #fff; color: #444;}#sp-ea-50462.sp-easy-accordion>.sp-ea-single {background: #eee;}#sp-ea-50462.sp-easy-accordion>.sp-ea-single>.ea-header a .ea-expand-icon { float: left; color: #444;font-size: 16px;}<\/style><div id=\"sp_easy_accordion-1758551189\"><div id=\"sp-ea-50462\" class=\"sp-ea-one sp-easy-accordion\" data-ea-active=\"ea-click\" data-ea-mode=\"vertical\" data-preloader=\"\" data-scroll-active-item=\"\" data-offset-to-scroll=\"0\"><div class=\"ea-card ea-expand sp-ea-single\"><h3 class=\"ea-header\"><a class=\"collapsed\" id=\"ea-header-504620\" role=\"button\" data-sptoggle=\"spcollapse\" data-sptarget=\"#collapse504620\" aria-controls=\"collapse504620\" href=\"#\" aria-expanded=\"true\" tabindex=\"0\"><i aria-hidden=\"true\" role=\"presentation\" class=\"ea-expand-icon eap-icon-ea-expand-minus\"><\/i> Quan comen\u00e7a a afectar-nos aquest canvi?<\/a><\/h3><div class=\"sp-collapse spcollapse collapsed show\" id=\"collapse504620\" data-parent=\"#sp-ea-50462\" role=\"region\" aria-labelledby=\"ea-header-504620\"> <div class=\"ea-body\"><p>El curs 2025-26 tot es mantindr\u00e0 com fins ara. Ser\u00e0 en el curs 2026-27 quan es passar\u00e0 al nou model. Si alguna fam\u00edlia desitja canviar de centre haur\u00e0 de seguir el proc\u00e9s de preinscripci\u00f3 del curs vinent.<\/p><\/div><\/div><\/div><div class=\"ea-card sp-ea-single\"><h3 class=\"ea-header\"><a class=\"collapsed\" id=\"ea-header-504621\" role=\"button\" data-sptoggle=\"spcollapse\" data-sptarget=\"#collapse504621\" aria-controls=\"collapse504621\" href=\"#\" aria-expanded=\"false\" tabindex=\"0\"><i aria-hidden=\"true\" role=\"presentation\" class=\"ea-expand-icon eap-icon-ea-expand-plus\"><\/i> Com s\u2019implementar\u00e0 la transici\u00f3 per a les fam\u00edlies que ja tenen fills al centre? Es garantir\u00e0 la continu\u00eftat dels alumnes actuals al nou model d\u2019escola?<\/a><\/h3><div class=\"sp-collapse spcollapse \" id=\"collapse504621\" data-parent=\"#sp-ea-50462\" role=\"region\" aria-labelledby=\"ea-header-504621\"> <div class=\"ea-body\"><p>Les fam\u00edlies que hi vulguin seguir, un cop coneguda la nova situaci\u00f3, hauran de fer la reserva de pla\u00e7a escolar per al curs vinent. Es tracta d\u2019un abonament \u00fanic familiar que caldr\u00e0 efectuar a finals d\u2019aquest 2025. Aviat rebreu tota la informaci\u00f3 detallada per realitzar la reserva de pla\u00e7a.<\/p><\/div><\/div><\/div><div class=\"ea-card sp-ea-single\"><h3 class=\"ea-header\"><a class=\"collapsed\" id=\"ea-header-504622\" role=\"button\" data-sptoggle=\"spcollapse\" data-sptarget=\"#collapse504622\" aria-controls=\"collapse504622\" href=\"#\" aria-expanded=\"false\" tabindex=\"0\"><i aria-hidden=\"true\" role=\"presentation\" class=\"ea-expand-icon eap-icon-ea-expand-plus\"><\/i> Quan es far\u00e0 efectiva la desvinculaci\u00f3 del concert educatiu? Quins cursos seran els primers afectats pel canvi?<\/a><\/h3><div class=\"sp-collapse spcollapse \" id=\"collapse504622\" data-parent=\"#sp-ea-50462\" role=\"region\" aria-labelledby=\"ea-header-504622\"> <div class=\"ea-body\"><p>La nostra intenci\u00f3 \u00e9s acordar amb l\u2019administraci\u00f3 educativa una transici\u00f3 progressiva, per\u00f2 tot i que l\u2019hem demanat, el marc jur\u00eddic dels concerts no la facilita. Pot ser que el pas de concertat a privat sigui al mateix temps per a tots els cursos, ja que els concerts s\u2019han de renovar tots a la vegada el curs 2026-27.<\/p><\/div><\/div><\/div><div class=\"ea-card sp-ea-single\"><h3 class=\"ea-header\"><a class=\"collapsed\" id=\"ea-header-504623\" role=\"button\" data-sptoggle=\"spcollapse\" data-sptarget=\"#collapse504623\" aria-controls=\"collapse504623\" href=\"#\" aria-expanded=\"false\" tabindex=\"0\"><i aria-hidden=\"true\" role=\"presentation\" class=\"ea-expand-icon eap-icon-ea-expand-plus\"><\/i> Si alguna fam\u00edlia no pot assumir el canvi i decideix traslladar els seus fills, tindr\u00e0 algun tipus d\u2019ajuda o suport per gestionar-ho?<\/a><\/h3><div class=\"sp-collapse spcollapse \" id=\"collapse504623\" data-parent=\"#sp-ea-50462\" role=\"region\" aria-labelledby=\"ea-header-504623\"> <div class=\"ea-body\"><p>Des dels centres donarem tota la informaci\u00f3 necess\u00e0ria sobre el proc\u00e9s de canvi i comptem que l\u2019administraci\u00f3 educativa tamb\u00e9 col\u00b7laborar\u00e0 en el moment dels tr\u00e0mits.<\/p><\/div><\/div><\/div><div class=\"ea-card sp-ea-single\"><h3 class=\"ea-header\"><a class=\"collapsed\" id=\"ea-header-504624\" role=\"button\" data-sptoggle=\"spcollapse\" data-sptarget=\"#collapse504624\" aria-controls=\"collapse504624\" href=\"#\" aria-expanded=\"false\" tabindex=\"0\"><i aria-hidden=\"true\" role=\"presentation\" class=\"ea-expand-icon eap-icon-ea-expand-plus\"><\/i> Quines condicions posar\u00e0 l\u2019administraci\u00f3 a les fam\u00edlies per accedir a altres centres si decideixen no seguir en l\u2019actual?<\/a><\/h3><div class=\"sp-collapse spcollapse \" id=\"collapse504624\" data-parent=\"#sp-ea-50462\" role=\"region\" aria-labelledby=\"ea-header-504624\"> <div class=\"ea-body\"><p>Amb la normativa actual, les mateixes que a totes les altres fam\u00edlies que en el proc\u00e9s de preinscripci\u00f3 sol\u00b7liciten pla\u00e7a escolar en un centre diferent, que van lligades a les vacants de cada centre i els punts per al barem que ordena les llistes. Tots els alumnes tenen dret a pla\u00e7a en un centre p\u00fablic o concertat del sistema educatiu de Catalunya.<\/p><\/div><\/div><\/div><\/div><\/div>\n<p>&nbsp;<\/p>\n","protected":false},"excerpt":{"rendered":"<p>Fonaments &nbsp; \u00c0mbit organitzatiu &nbsp; Aspectes econ\u00f2mics &nbsp; \u00c0mbit acad\u00e8mic i pedag\u00f2gic &nbsp; Calendari del proc\u00e9s de transici\u00f3 &nbsp;<\/p>\n","protected":false},"author":72,"featured_media":0,"parent":0,"menu_order":0,"comment_status":"closed","ping_status":"closed","template":"","meta":{"_acf_changed":false,"_monsterinsights_skip_tracking":false,"footnotes":""},"class_list":["post-50928","page","type-page","status-publish","hentry"],"acf":[],"yoast_head":"<!-- This site is optimized with the Yoast SEO plugin v28.4 - https:\/\/yoast.com\/product\/yoast-seo-wordpress\/ -->\n<title>FAQS nou col\u00b7legi Les Alzines-Bell-lloc - Bell-lloc<\/title>\n<meta name=\"description\" content=\"A continuaci\u00f3 us presentem les respostes a les preguntes m\u00e9s freq\u00fcents (FAQS) que us podeu fer sobre el nou col\u00b7legi Les Alzines - Bell-lloc\" \/>\n<meta name=\"robots\" content=\"index, follow, max-snippet:-1, max-image-preview:large, max-video-preview:-1\" \/>\n<link rel=\"canonical\" href=\"https:\/\/www.bell-lloc.org\/es\/faqs-nou-collegi-les-alzines-bell-lloc\/\" \/>\n<meta property=\"og:locale\" content=\"es_ES\" \/>\n<meta property=\"og:type\" content=\"article\" \/>\n<meta property=\"og:title\" content=\"FAQS nou col\u00b7legi Les Alzines-Bell-lloc - Bell-lloc\" \/>\n<meta property=\"og:description\" content=\"A continuaci\u00f3 us presentem les respostes a les preguntes m\u00e9s freq\u00fcents (FAQS) que us podeu fer sobre el nou col\u00b7legi Les Alzines - Bell-lloc\" \/>\n<meta property=\"og:url\" content=\"https:\/\/www.bell-lloc.org\/es\/faqs-nou-collegi-les-alzines-bell-lloc\/\" \/>\n<meta property=\"og:site_name\" content=\"Bell-lloc\" \/>\n<meta name=\"twitter:card\" content=\"summary_large_image\" \/>\n<meta name=\"twitter:label1\" content=\"Tiempo de lectura\" \/>\n\t<meta name=\"twitter:data1\" content=\"1 minuto\" \/>\n<script type=\"application\/ld+json\" class=\"yoast-schema-graph\">{\"@context\":\"https:\\\/\\\/schema.org\",\"@graph\":[{\"@type\":\"WebPage\",\"@id\":\"https:\\\/\\\/www.bell-lloc.org\\\/es\\\/faqs-nou-collegi-les-alzines-bell-lloc\\\/\",\"url\":\"https:\\\/\\\/www.bell-lloc.org\\\/es\\\/faqs-nou-collegi-les-alzines-bell-lloc\\\/\",\"name\":\"FAQS nou col\u00b7legi Les Alzines-Bell-lloc - Bell-lloc\",\"isPartOf\":{\"@id\":\"https:\\\/\\\/www.bell-lloc.org\\\/es\\\/#website\"},\"datePublished\":\"2025-09-22T14:47:59+00:00\",\"description\":\"A continuaci\u00f3 us presentem les respostes a les preguntes m\u00e9s freq\u00fcents (FAQS) que us podeu fer sobre el nou col\u00b7legi Les Alzines - Bell-lloc\",\"breadcrumb\":{\"@id\":\"https:\\\/\\\/www.bell-lloc.org\\\/es\\\/faqs-nou-collegi-les-alzines-bell-lloc\\\/#breadcrumb\"},\"inLanguage\":\"es\",\"potentialAction\":[{\"@type\":\"ReadAction\",\"target\":[\"https:\\\/\\\/www.bell-lloc.org\\\/es\\\/faqs-nou-collegi-les-alzines-bell-lloc\\\/\"]}]},{\"@type\":\"BreadcrumbList\",\"@id\":\"https:\\\/\\\/www.bell-lloc.org\\\/es\\\/faqs-nou-collegi-les-alzines-bell-lloc\\\/#breadcrumb\",\"itemListElement\":[{\"@type\":\"ListItem\",\"position\":1,\"name\":\"Inici\",\"item\":\"https:\\\/\\\/www.bell-lloc.org\\\/es\\\/\"},{\"@type\":\"ListItem\",\"position\":2,\"name\":\"FAQS nou col\u00b7legi Les Alzines-Bell-lloc\"}]},{\"@type\":\"WebSite\",\"@id\":\"https:\\\/\\\/www.bell-lloc.org\\\/es\\\/#website\",\"url\":\"https:\\\/\\\/www.bell-lloc.org\\\/es\\\/\",\"name\":\"Bell-lloc\",\"description\":\"Col\u00b7legi Concertat a Girona\",\"potentialAction\":[{\"@type\":\"SearchAction\",\"target\":{\"@type\":\"EntryPoint\",\"urlTemplate\":\"https:\\\/\\\/www.bell-lloc.org\\\/es\\\/?s={search_term_string}\"},\"query-input\":{\"@type\":\"PropertyValueSpecification\",\"valueRequired\":true,\"valueName\":\"search_term_string\"}}],\"inLanguage\":\"es\"}]}<\/script>\n<!-- \/ Yoast SEO plugin. -->","yoast_head_json":{"title":"FAQS nou col\u00b7legi Les Alzines-Bell-lloc - Bell-lloc","description":"A continuaci\u00f3 us presentem les respostes a les preguntes m\u00e9s freq\u00fcents (FAQS) que us podeu fer sobre el nou col\u00b7legi Les Alzines - Bell-lloc","robots":{"index":"index","follow":"follow","max-snippet":"max-snippet:-1","max-image-preview":"max-image-preview:large","max-video-preview":"max-video-preview:-1"},"canonical":"https:\/\/www.bell-lloc.org\/es\/faqs-nou-collegi-les-alzines-bell-lloc\/","og_locale":"es_ES","og_type":"article","og_title":"FAQS nou col\u00b7legi Les Alzines-Bell-lloc - Bell-lloc","og_description":"A continuaci\u00f3 us presentem les respostes a les preguntes m\u00e9s freq\u00fcents (FAQS) que us podeu fer sobre el nou col\u00b7legi Les Alzines - Bell-lloc","og_url":"https:\/\/www.bell-lloc.org\/es\/faqs-nou-collegi-les-alzines-bell-lloc\/","og_site_name":"Bell-lloc","twitter_card":"summary_large_image","twitter_misc":{"Tiempo de lectura":"1 minuto"},"schema":{"@context":"https:\/\/schema.org","@graph":[{"@type":"WebPage","@id":"https:\/\/www.bell-lloc.org\/es\/faqs-nou-collegi-les-alzines-bell-lloc\/","url":"https:\/\/www.bell-lloc.org\/es\/faqs-nou-collegi-les-alzines-bell-lloc\/","name":"FAQS nou col\u00b7legi Les Alzines-Bell-lloc - Bell-lloc","isPartOf":{"@id":"https:\/\/www.bell-lloc.org\/es\/#website"},"datePublished":"2025-09-22T14:47:59+00:00","description":"A continuaci\u00f3 us presentem les respostes a les preguntes m\u00e9s freq\u00fcents (FAQS) que us podeu fer sobre el nou col\u00b7legi Les Alzines - Bell-lloc","breadcrumb":{"@id":"https:\/\/www.bell-lloc.org\/es\/faqs-nou-collegi-les-alzines-bell-lloc\/#breadcrumb"},"inLanguage":"es","potentialAction":[{"@type":"ReadAction","target":["https:\/\/www.bell-lloc.org\/es\/faqs-nou-collegi-les-alzines-bell-lloc\/"]}]},{"@type":"BreadcrumbList","@id":"https:\/\/www.bell-lloc.org\/es\/faqs-nou-collegi-les-alzines-bell-lloc\/#breadcrumb","itemListElement":[{"@type":"ListItem","position":1,"name":"Inici","item":"https:\/\/www.bell-lloc.org\/es\/"},{"@type":"ListItem","position":2,"name":"FAQS nou col\u00b7legi Les Alzines-Bell-lloc"}]},{"@type":"WebSite","@id":"https:\/\/www.bell-lloc.org\/es\/#website","url":"https:\/\/www.bell-lloc.org\/es\/","name":"Bell-lloc","description":"Col\u00b7legi Concertat a Girona","potentialAction":[{"@type":"SearchAction","target":{"@type":"EntryPoint","urlTemplate":"https:\/\/www.bell-lloc.org\/es\/?s={search_term_string}"},"query-input":{"@type":"PropertyValueSpecification","valueRequired":true,"valueName":"search_term_string"}}],"inLanguage":"es"}]}},"_links":{"self":[{"href":"https:\/\/www.bell-lloc.org\/es\/wp-json\/wp\/v2\/pages\/50928","targetHints":{"allow":["GET"]}}],"collection":[{"href":"https:\/\/www.bell-lloc.org\/es\/wp-json\/wp\/v2\/pages"}],"about":[{"href":"https:\/\/www.bell-lloc.org\/es\/wp-json\/wp\/v2\/types\/page"}],"author":[{"embeddable":true,"href":"https:\/\/www.bell-lloc.org\/es\/wp-json\/wp\/v2\/users\/72"}],"replies":[{"embeddable":true,"href":"https:\/\/www.bell-lloc.org\/es\/wp-json\/wp\/v2\/comments?post=50928"}],"version-history":[{"count":1,"href":"https:\/\/www.bell-lloc.org\/es\/wp-json\/wp\/v2\/pages\/50928\/revisions"}],"predecessor-version":[{"id":50929,"href":"https:\/\/www.bell-lloc.org\/es\/wp-json\/wp\/v2\/pages\/50928\/revisions\/50929"}],"wp:attachment":[{"href":"https:\/\/www.bell-lloc.org\/es\/wp-json\/wp\/v2\/media?parent=50928"}],"curies":[{"name":"wp","href":"https:\/\/api.w.org\/{rel}","templated":true}]}}